{"id":11,"date":"2020-01-18T09:17:59","date_gmt":"2020-01-18T09:17:59","guid":{"rendered":"http:\/\/www.wtdt.polimi.it\/?page_id=11"},"modified":"2020-05-07T16:54:09","modified_gmt":"2020-05-07T16:54:09","slug":"homepage","status":"publish","type":"page","link":"https:\/\/www.wtdt.polimi.it\/","title":{"rendered":"Homepage"},"content":{"rendered":"\t\t<div data-elementor-type=\"wp-page\" data-elementor-id=\"11\" class=\"elementor elementor-11\">\n\t\t\t\t\t\t<section class=\"elementor-section elementor-top-section elementor-element elementor-element-5b48b13 elementor-section-stretched elementor-section-full_width elementor-section-height-min-height elementor-section-content-top elementor-section-height-default elementor-section-items-middle\" data-id=\"5b48b13\" data-element_type=\"section\" data-e-type=\"section\" data-settings=\"{&quot;stretch_section&quot;:&quot;section-stretched&quot;,&quot;background_background&quot;:&quot;classic&quot;}\">\n\t\t\t\t\t\t\t<div class=\"elementor-background-overlay\"><\/div>\n\t\t\t\t\t\t\t<div class=\"elementor-container elementor-column-gap-default\">\n\t\t\t\t\t<div class=\"elementor-column elementor-col-100 elementor-top-column elementor-element elementor-element-fe51707\" data-id=\"fe51707\" data-element_type=\"column\" data-e-type=\"column\" data-settings=\"{&quot;background_background&quot;:&quot;classic&quot;}\">\n\t\t\t<div class=\"elementor-widget-wrap elementor-element-populated\">\n\t\t\t\t\t\t<div class=\"elementor-element elementor-element-2ad5109 elementor-widget elementor-widget-heading\" data-id=\"2ad5109\" data-element_type=\"widget\" data-e-type=\"widget\" data-widget_type=\"heading.default\">\n\t\t\t\t<div class=\"elementor-widget-container\">\n\t\t\t\t\t<h1 class=\"elementor-heading-title elementor-size-default\">WTDT<\/h1>\t\t\t\t<\/div>\n\t\t\t\t<\/div>\n\t\t\t\t<div class=\"elementor-element elementor-element-2769ecf elementor-widget elementor-widget-heading\" data-id=\"2769ecf\" data-element_type=\"widget\" data-e-type=\"widget\" data-widget_type=\"heading.default\">\n\t\t\t\t<div class=\"elementor-widget-container\">\n\t\t\t\t\t<h1 class=\"elementor-heading-title elementor-size-default\">I talenti incontrano le imprese<\/h1>\t\t\t\t<\/div>\n\t\t\t\t<\/div>\n\t\t\t\t<div class=\"elementor-element elementor-element-82faf7e elementor-widget elementor-widget-spacer\" data-id=\"82faf7e\" data-element_type=\"widget\" data-e-type=\"widget\" data-widget_type=\"spacer.default\">\n\t\t\t\t<div class=\"elementor-widget-container\">\n\t\t\t\t\t\t\t<div class=\"elementor-spacer\">\n\t\t\t<div class=\"elementor-spacer-inner\"><\/div>\n\t\t<\/div>\n\t\t\t\t\t\t<\/div>\n\t\t\t\t<\/div>\n\t\t\t\t\t<\/div>\n\t\t<\/div>\n\t\t\t\t\t<\/div>\n\t\t<\/section>\n\t\t\t\t<section class=\"elementor-section elementor-top-section elementor-element elementor-element-8ca2d04 elementor-section-content-middle elementor-section-stretched elementor-section-boxed elementor-section-height-default elementor-section-height-default\" data-id=\"8ca2d04\" data-element_type=\"section\" data-e-type=\"section\" id=\"progetto\" data-settings=\"{&quot;stretch_section&quot;:&quot;section-stretched&quot;,&quot;background_background&quot;:&quot;gradient&quot;}\">\n\t\t\t\t\t\t<div class=\"elementor-container elementor-column-gap-default\">\n\t\t\t\t\t<div class=\"elementor-column elementor-col-100 elementor-top-column elementor-element elementor-element-a01b50c\" data-id=\"a01b50c\" data-element_type=\"column\" data-e-type=\"column\">\n\t\t\t<div class=\"elementor-widget-wrap elementor-element-populated\">\n\t\t\t\t\t\t<div class=\"elementor-element elementor-element-6664f4cf elementor-widget elementor-widget-text-editor\" data-id=\"6664f4cf\" data-element_type=\"widget\" data-e-type=\"widget\" data-widget_type=\"text-editor.default\">\n\t\t\t\t<div class=\"elementor-widget-container\">\n\t\t\t\t\t\t\t\t\t<span style=\"font-weight: 400;\">Il 75% dei neolaureati italiani dichiara che il loro job title non \u00e8 allineato con le offerte lavorative delle aziende. Circa il 60% delle aziende ha inoltre difficolt\u00e0 ad attrarre figure professionali legate al processo di trasformazione digitale. \u00a0Due survey condotte dagli studenti della Scuola del Design del Politecnico di Milano \u00a0(Laboratorio di Sintesi Finale, Corso di Laurea Magistrale in Design della Comunicazione), hanno raccolto l\u2019opinione di circa 300 laureati (provenienti dai settori di Design, comunicazione e Marketing) e di oltre 60 aziende italiane.<\/span>\t\t\t\t\t\t\t\t<\/div>\n\t\t\t\t<\/div>\n\t\t\t\t\t<\/div>\n\t\t<\/div>\n\t\t\t\t\t<\/div>\n\t\t<\/section>\n\t\t\t\t<section class=\"elementor-section elementor-top-section elementor-element elementor-element-823d4a8 elementor-section-content-middle elementor-section-stretched Progetto elementor-section-boxed elementor-section-height-default elementor-section-height-default\" data-id=\"823d4a8\" data-element_type=\"section\" data-e-type=\"section\" id=\"Progetto\" data-settings=\"{&quot;stretch_section&quot;:&quot;section-stretched&quot;,&quot;background_background&quot;:&quot;classic&quot;}\">\n\t\t\t\t\t\t<div class=\"elementor-container elementor-column-gap-default\">\n\t\t\t\t\t<div class=\"elementor-column elementor-col-100 elementor-top-column elementor-element elementor-element-c75bd98\" data-id=\"c75bd98\" data-element_type=\"column\" data-e-type=\"column\">\n\t\t\t<div class=\"elementor-widget-wrap elementor-element-populated\">\n\t\t\t\t\t\t<div class=\"elementor-element elementor-element-939e8e2 elementor-widget elementor-widget-heading\" data-id=\"939e8e2\" data-element_type=\"widget\" data-e-type=\"widget\" data-widget_type=\"heading.default\">\n\t\t\t\t<div class=\"elementor-widget-container\">\n\t\t\t\t\t<h2 class=\"elementor-heading-title elementor-size-large\">Progetto<\/h2>\t\t\t\t<\/div>\n\t\t\t\t<\/div>\n\t\t\t\t<div class=\"elementor-element elementor-element-4358d99 elementor-widget-divider--view-line elementor-widget elementor-widget-divider\" data-id=\"4358d99\" data-element_type=\"widget\" data-e-type=\"widget\" data-widget_type=\"divider.default\">\n\t\t\t\t<div class=\"elementor-widget-container\">\n\t\t\t\t\t\t\t<div class=\"elementor-divider\">\n\t\t\t<span class=\"elementor-divider-separator\">\n\t\t\t\t\t\t<\/span>\n\t\t<\/div>\n\t\t\t\t\t\t<\/div>\n\t\t\t\t<\/div>\n\t\t\t\t<div class=\"elementor-element elementor-element-f5560e9 elementor-widget elementor-widget-text-editor\" data-id=\"f5560e9\" data-element_type=\"widget\" data-e-type=\"widget\" data-widget_type=\"text-editor.default\">\n\t\t\t\t<div class=\"elementor-widget-container\">\n\t\t\t\t\t\t\t\t\t<p style=\"text-align: left;\"><span style=\"font-weight: 400;\">Il progetto <b><i>Working Through Digital Transformation\u00a0<\/i><\/b>vuole contribuire allo sviluppo di un ecosistema in grado di connettere i giovani talenti alle imprese, per facilitare l\u2019inserimento nel mondo del lavoro di profili con competenze capaci di comprendere e guidare la trasformazione digitale.<\/span><\/p><p style=\"text-align: left;\"><span style=\"font-weight: 400;\">\u00a0<\/span><\/p>\t\t\t\t\t\t\t\t<\/div>\n\t\t\t\t<\/div>\n\t\t\t\t<div class=\"elementor-element elementor-element-4ee53d0 elementor-widget elementor-widget-toggle\" data-id=\"4ee53d0\" data-element_type=\"widget\" data-e-type=\"widget\" data-widget_type=\"toggle.default\">\n\t\t\t\t<div class=\"elementor-widget-container\">\n\t\t\t\t\t\t\t<div class=\"elementor-toggle\">\n\t\t\t\t\t\t\t<div class=\"elementor-toggle-item\">\n\t\t\t\t\t<div id=\"elementor-tab-title-8271\" class=\"elementor-tab-title\" data-tab=\"1\" role=\"button\" aria-controls=\"elementor-tab-content-8271\" aria-expanded=\"false\">\n\t\t\t\t\t\t\t\t\t\t\t\t<span class=\"elementor-toggle-icon elementor-toggle-icon-left\" aria-hidden=\"true\">\n\t\t\t\t\t\t\t\t\t\t\t\t\t\t\t<span class=\"elementor-toggle-icon-closed\"><i class=\"fas fa-caret-right\"><\/i><\/span>\n\t\t\t\t\t\t\t\t<span class=\"elementor-toggle-icon-opened\"><i class=\"elementor-toggle-icon-opened fas fa-caret-up\"><\/i><\/span>\n\t\t\t\t\t\t\t\t\t\t\t\t\t<\/span>\n\t\t\t\t\t\t\t\t\t\t\t\t<a class=\"elementor-toggle-title\" tabindex=\"0\">Leggi di pi\u00f9<\/a>\n\t\t\t\t\t<\/div>\n\n\t\t\t\t\t<div id=\"elementor-tab-content-8271\" class=\"elementor-tab-content elementor-clearfix\" data-tab=\"1\" role=\"region\" aria-labelledby=\"elementor-tab-title-8271\"><p style=\"caret-color: #ffffff; color: #ffffff; font-size: 20px;\"><span style=\"font-weight: bold;\">Obiettivi del progetto sono:<br><\/span><span style=\"letter-spacing: 0em;\">\u2022 rendere appetibile il bacino delle imprese ai giovani di talento;<br><\/span><span style=\"letter-spacing: 0em;\">\u2022 facilitare l\u2019accesso dei giovani di talento a un mondo del lavoro che sappia valorizzarne le competenze;<br><\/span><span style=\"letter-spacing: 0em;\">\u2022 aiutare le universit\u00e0 a capire di cosa ha bisogno il mondo delle imprese e quello dei neo-laureati.<\/span><\/p>\n<p style=\"margin-bottom: 1.6em; caret-color: #ffffff; color: #ffffff; font-size: 20px;\">Come? Facendolo progettare da giovani studenti, per altri giovani studenti; integrando competenze diverse e sperimentando modalit\u00e0 diverse di analisi, relazione, progettazione e sviluppo.<\/p>\n<p style=\"caret-color: rgb(255, 255, 255); color: rgb(255, 255, 255); font-size: 20px;\">1.<span style=\"white-space: pre;\">&nbsp;<\/span>I TALENTI INCONTRANO LE IMPRESE<\/p>\n<p style=\"caret-color: rgb(255, 255, 255); color: rgb(255, 255, 255); font-size: 20px;\"><span style=\"letter-spacing: 0em;\">Una prima fase di elaborazione dei presupposti dell\u2019ecosistema, \u00e8 stata condotta con la Scuola del Design del Politecnico di Milano, nell\u2019ambito del Laboratorio di Sintesi Finale, sez. C2, Corso di Laurea Magistrale in Design della Comunicazione (Docenti: Marisa Galbiati, Katia Goldoni, Francesca Piredda, Marco Ronchi; tutor: Gabriele Carbone, Ilaria Mariani). In questa prima fase (Settembre 2019 &#8211; Gennaio 2020) gli studenti hanno analizzato i loro bisogni e quelli delle imprese, con l\u2019obiettivo di identificare la user journey e i principali pain point degli stakeholder coinvolti nella filiera.\u2028<\/span><\/p>\n<p style=\"caret-color: rgb(255, 255, 255); color: rgb(255, 255, 255); font-size: 20px;\">2. LA PIATTAFORMA DI DIALOGO E SPERIMENTAZIONE<\/p>\n<p style=\"caret-color: rgb(255, 255, 255); color: rgb(255, 255, 255); font-size: 20px;\"><span style=\"letter-spacing: 0em;\">Una seconda fase di posizionamento (Gennaio &#8211; Marzo 2020), di elaborazione delle linee guida e di sviluppo dell\u2019ecosistema digitale verr\u00e0 &nbsp;condotta dal Master in Digital Strategy di&nbsp;<\/span><a href=\"https:\/\/poli.design\" target=\"_blank\">POLI.design<\/a><span style=\"letter-spacing: 0em;\">.\u2028<\/span><\/p>\n<p style=\"margin-bottom: 1.6em; caret-color: #ffffff; color: #ffffff; font-size: 20px;\">3.<span style=\"white-space: pre;\">&nbsp;<\/span>IL LANCIO<\/p>\n<p style=\"margin-bottom: 1.6em; caret-color: #ffffff; color: #ffffff; font-size: 20px;\">Una terza fase di lancio del progetto (Aprile &#8211; Settembre 2020), condotta in partnership con il Master in Brand Communication di&nbsp;POLI.design&nbsp; vedr\u00e0 l&#8217;elaborazione del piano di comunicazione e il successivo lancio del progetto al pubblico e al mondo dei media.<\/p><\/div>\n\t\t\t\t<\/div>\n\t\t\t\t\t\t\t\t<\/div>\n\t\t\t\t\t\t<\/div>\n\t\t\t\t<\/div>\n\t\t\t\t\t<\/div>\n\t\t<\/div>\n\t\t\t\t\t<\/div>\n\t\t<\/section>\n\t\t\t\t<section class=\"elementor-section elementor-top-section elementor-element elementor-element-7c66076 Pre elementor-section-boxed elementor-section-height-default elementor-section-height-default\" data-id=\"7c66076\" data-element_type=\"section\" data-e-type=\"section\" id=\"Pre\" data-settings=\"{&quot;background_background&quot;:&quot;gradient&quot;}\">\n\t\t\t\t\t\t<div class=\"elementor-container elementor-column-gap-no\">\n\t\t\t\t\t<div class=\"elementor-column elementor-col-50 elementor-top-column elementor-element elementor-element-f48badf\" data-id=\"f48badf\" data-element_type=\"column\" data-e-type=\"column\">\n\t\t\t<div class=\"elementor-widget-wrap elementor-element-populated\">\n\t\t\t\t\t\t<div class=\"elementor-element elementor-element-a1bc863 elementor-widget elementor-widget-heading\" data-id=\"a1bc863\" data-element_type=\"widget\" data-e-type=\"widget\" data-widget_type=\"heading.default\">\n\t\t\t\t<div class=\"elementor-widget-container\">\n\t\t\t\t\t<h2 class=\"elementor-heading-title elementor-size-large\">Pre.<\/h2>\t\t\t\t<\/div>\n\t\t\t\t<\/div>\n\t\t\t\t<div class=\"elementor-element elementor-element-44baff4 elementor-widget-divider--view-line elementor-widget elementor-widget-divider\" data-id=\"44baff4\" data-element_type=\"widget\" data-e-type=\"widget\" data-widget_type=\"divider.default\">\n\t\t\t\t<div class=\"elementor-widget-container\">\n\t\t\t\t\t\t\t<div class=\"elementor-divider\">\n\t\t\t<span class=\"elementor-divider-separator\">\n\t\t\t\t\t\t<\/span>\n\t\t<\/div>\n\t\t\t\t\t\t<\/div>\n\t\t\t\t<\/div>\n\t\t\t\t<div class=\"elementor-element elementor-element-4618e3a elementor-widget elementor-widget-text-editor\" data-id=\"4618e3a\" data-element_type=\"widget\" data-e-type=\"widget\" data-widget_type=\"text-editor.default\">\n\t\t\t\t<div class=\"elementor-widget-container\">\n\t\t\t\t\t\t\t\t\t<p style=\"text-align: left;\">I pregiudizi nel mondo del lavoro<\/p>\t\t\t\t\t\t\t\t<\/div>\n\t\t\t\t<\/div>\n\t\t\t\t<div class=\"elementor-element elementor-element-206213d elementor-widget elementor-widget-text-editor\" data-id=\"206213d\" data-element_type=\"widget\" data-e-type=\"widget\" data-widget_type=\"text-editor.default\">\n\t\t\t\t<div class=\"elementor-widget-container\">\n\t\t\t\t\t\t\t\t\t<p style=\"text-align: left;\">Pre. \u00e8 un progetto di ricerca nato per informare i laureandi, che si stanno formando secondo nuove figure professionali, dell\u2019esistenza di pregiudizi. Spesso, questi rendono ancora pi\u00f9 complessa la comunicazione con le aziende, che quotidianamente si trovano a fronteggiare la trasformazione digitale.<\/p>\t\t\t\t\t\t\t\t<\/div>\n\t\t\t\t<\/div>\n\t\t\t\t<div class=\"elementor-element elementor-element-4a055ac elementor-widget elementor-widget-text-editor\" data-id=\"4a055ac\" data-element_type=\"widget\" data-e-type=\"widget\" data-widget_type=\"text-editor.default\">\n\t\t\t\t<div class=\"elementor-widget-container\">\n\t\t\t\t\t\t\t\t\t<p style=\"text-align: left;\"><strong><em>Studenti<br \/><\/em><\/strong><em>Sara Corradini\u00a0<span class=\"Apple-converted-space\"><br \/><\/span><\/em><em>Pietro Crimaldi <span class=\"Apple-converted-space\">\u00a0<br \/>Greta Magri\u00a0<\/span><\/em><em><span class=\"Apple-converted-space\"><br \/>Filippo\u00a0Tambresoni\u00a0<br \/><\/span><\/em><em>Giulia Venturis\u00a0<\/em><\/p>\t\t\t\t\t\t\t\t<\/div>\n\t\t\t\t<\/div>\n\t\t\t\t<div class=\"elementor-element elementor-element-f87bd6b elementor-widget elementor-widget-text-editor\" data-id=\"f87bd6b\" data-element_type=\"widget\" data-e-type=\"widget\" data-widget_type=\"text-editor.default\">\n\t\t\t\t<div class=\"elementor-widget-container\">\n\t\t\t\t\t\t\t\t\t<h6><span style=\"color: #fcdd1a;\">\u25ba <\/span><span style=\"color: #fcdd1a;\"><a style=\"color: #fcdd1a;\" href=\"https:\/\/www.wtdt.polimi.it\/Pre\/index.html\"><em>Visita la pagina del progetto<\/em><\/a><\/span><\/h6>\t\t\t\t\t\t\t\t<\/div>\n\t\t\t\t<\/div>\n\t\t\t\t\t<\/div>\n\t\t<\/div>\n\t\t\t\t<div class=\"elementor-column elementor-col-50 elementor-top-column elementor-element elementor-element-2b0702e\" data-id=\"2b0702e\" data-element_type=\"column\" data-e-type=\"column\">\n\t\t\t<div class=\"elementor-widget-wrap elementor-element-populated\">\n\t\t\t\t\t\t<div class=\"elementor-element elementor-element-fee05b3 elementor-widget elementor-widget-image\" data-id=\"fee05b3\" data-element_type=\"widget\" data-e-type=\"widget\" data-widget_type=\"image.default\">\n\t\t\t\t<div class=\"elementor-widget-container\">\n\t\t\t\t\t\t\t\t\t\t\t\t\t\t\t<img fetchpriority=\"high\" decoding=\"async\" width=\"1500\" height=\"1500\" src=\"https:\/\/www.wtdt.polimi.it\/wp-content\/uploads\/2020\/01\/Post_Progetto_1.png\" class=\"attachment-full size-full wp-image-155\" alt=\"\" srcset=\"https:\/\/www.wtdt.polimi.it\/wp-content\/uploads\/2020\/01\/Post_Progetto_1.png 1500w, https:\/\/www.wtdt.polimi.it\/wp-content\/uploads\/2020\/01\/Post_Progetto_1-300x300.png 300w, https:\/\/www.wtdt.polimi.it\/wp-content\/uploads\/2020\/01\/Post_Progetto_1-100x100.png 100w, https:\/\/www.wtdt.polimi.it\/wp-content\/uploads\/2020\/01\/Post_Progetto_1-600x600.png 600w, https:\/\/www.wtdt.polimi.it\/wp-content\/uploads\/2020\/01\/Post_Progetto_1-1024x1024.png 1024w, https:\/\/www.wtdt.polimi.it\/wp-content\/uploads\/2020\/01\/Post_Progetto_1-150x150.png 150w, https:\/\/www.wtdt.polimi.it\/wp-content\/uploads\/2020\/01\/Post_Progetto_1-768x768.png 768w\" sizes=\"(max-width: 1500px) 100vw, 1500px\" \/>\t\t\t\t\t\t\t\t\t\t\t\t\t\t\t<\/div>\n\t\t\t\t<\/div>\n\t\t\t\t\t<\/div>\n\t\t<\/div>\n\t\t\t\t\t<\/div>\n\t\t<\/section>\n\t\t\t\t<section class=\"elementor-section elementor-top-section elementor-element elementor-element-7be0069 ReportLab elementor-section-boxed elementor-section-height-default elementor-section-height-default\" data-id=\"7be0069\" data-element_type=\"section\" data-e-type=\"section\" id=\"ReportLab\" data-settings=\"{&quot;background_background&quot;:&quot;gradient&quot;}\">\n\t\t\t\t\t\t<div class=\"elementor-container elementor-column-gap-no\">\n\t\t\t\t\t<div class=\"elementor-column elementor-col-50 elementor-top-column elementor-element elementor-element-8e9993c\" data-id=\"8e9993c\" data-element_type=\"column\" data-e-type=\"column\">\n\t\t\t<div class=\"elementor-widget-wrap elementor-element-populated\">\n\t\t\t\t\t\t<div class=\"elementor-element elementor-element-520e70d elementor-widget elementor-widget-heading\" data-id=\"520e70d\" data-element_type=\"widget\" data-e-type=\"widget\" data-widget_type=\"heading.default\">\n\t\t\t\t<div class=\"elementor-widget-container\">\n\t\t\t\t\t<h2 class=\"elementor-heading-title elementor-size-large\">ReportLab<\/h2>\t\t\t\t<\/div>\n\t\t\t\t<\/div>\n\t\t\t\t<div class=\"elementor-element elementor-element-a300f41 elementor-widget-divider--view-line elementor-widget elementor-widget-divider\" data-id=\"a300f41\" data-element_type=\"widget\" data-e-type=\"widget\" data-widget_type=\"divider.default\">\n\t\t\t\t<div class=\"elementor-widget-container\">\n\t\t\t\t\t\t\t<div class=\"elementor-divider\">\n\t\t\t<span class=\"elementor-divider-separator\">\n\t\t\t\t\t\t<\/span>\n\t\t<\/div>\n\t\t\t\t\t\t<\/div>\n\t\t\t\t<\/div>\n\t\t\t\t<div class=\"elementor-element elementor-element-412d0e4 elementor-widget elementor-widget-text-editor\" data-id=\"412d0e4\" data-element_type=\"widget\" data-e-type=\"widget\" data-widget_type=\"text-editor.default\">\n\t\t\t\t<div class=\"elementor-widget-container\">\n\t\t\t\t\t\t\t\t\t<p style=\"text-align: left;\">L&#8217;innovazione non \u00e8 tecnologia \u00e8 attitudine<\/p>\t\t\t\t\t\t\t\t<\/div>\n\t\t\t\t<\/div>\n\t\t\t\t<div class=\"elementor-element elementor-element-f5eba0f elementor-widget elementor-widget-text-editor\" data-id=\"f5eba0f\" data-element_type=\"widget\" data-e-type=\"widget\" data-widget_type=\"text-editor.default\">\n\t\t\t\t<div class=\"elementor-widget-container\">\n\t\t\t\t\t\t\t\t\t<p><span style=\"letter-spacing: 0em;\"><i>Il progetto parte indagando il mismatch percepito tra imprese e giovani professionisti. L\u2019incompatibilit\u00e0 si evidenzia nel momento del recruiting, ma ha radici pi\u00f9 profonde che partono da come ci si rapporta al cambiamento che chiamiamo Trasformazione Digitale. Se da una parte essa \u00e8 ormai ritenuta inevitabile, in azienda ancora persistono <b>confusione<\/b> su cosa sia e <b>sopraffazione<\/b> nel metterla in pratica.<\/i><\/span><i style=\"letter-spacing: 0em;\"><b><\/b><\/i><\/p>\t\t\t\t\t\t\t\t<\/div>\n\t\t\t\t<\/div>\n\t\t\t\t<div class=\"elementor-element elementor-element-95bbc53 elementor-widget elementor-widget-text-editor\" data-id=\"95bbc53\" data-element_type=\"widget\" data-e-type=\"widget\" data-widget_type=\"text-editor.default\">\n\t\t\t\t<div class=\"elementor-widget-container\">\n\t\t\t\t\t\t\t\t\t<p style=\"text-align: left;\"><strong><em>Studenti<\/em><br \/><\/strong><em>Alice\u00a0<\/em><em>Cassanmagnago\u00a0<\/em><br \/><em><span style=\"letter-spacing: 0em;\">Filippo\u00a0<\/span><\/em><em>Collura\u00a0<\/em><em><span style=\"letter-spacing: 0em;\"><br \/>Lorenzo\u00a0<\/span><\/em><em>Destrieri\u00a0<\/em><em><span style=\"letter-spacing: 0em;\"><br \/>Chiara\u00a0<\/span><\/em><em>Munarin\u00a0<\/em><em><span style=\"letter-spacing: 0em;\"><br \/><em style=\"letter-spacing: 0em;\">Paola\u00a0<\/em>Maria\u00a0<\/span><\/em><em style=\"letter-spacing: 0em;\">Sega<\/em><\/p>\t\t\t\t\t\t\t\t<\/div>\n\t\t\t\t<\/div>\n\t\t\t\t<div class=\"elementor-element elementor-element-57921ff elementor-widget elementor-widget-text-editor\" data-id=\"57921ff\" data-element_type=\"widget\" data-e-type=\"widget\" data-widget_type=\"text-editor.default\">\n\t\t\t\t<div class=\"elementor-widget-container\">\n\t\t\t\t\t\t\t\t\t<h6 class=\"post-title entry-title\"><span style=\"color: #fcdd1a;\">\u25ba <\/span><span style=\"color: #fcdd1a;\"><a style=\"color: #fcdd1a;\" href=\"https:\/\/www.wtdt.polimi.it\/report\/index.html\"><em>Visita la pagina del progetto<\/em><\/a><\/span><\/h6>\t\t\t\t\t\t\t\t<\/div>\n\t\t\t\t<\/div>\n\t\t\t\t\t<\/div>\n\t\t<\/div>\n\t\t\t\t<div class=\"elementor-column elementor-col-50 elementor-top-column elementor-element elementor-element-d814325\" data-id=\"d814325\" data-element_type=\"column\" data-e-type=\"column\">\n\t\t\t<div class=\"elementor-widget-wrap elementor-element-populated\">\n\t\t\t\t\t\t<div class=\"elementor-element elementor-element-7d4ae18 elementor-widget elementor-widget-image\" data-id=\"7d4ae18\" data-element_type=\"widget\" data-e-type=\"widget\" data-widget_type=\"image.default\">\n\t\t\t\t<div class=\"elementor-widget-container\">\n\t\t\t\t\t\t\t\t\t\t\t\t\t\t\t<img decoding=\"async\" width=\"1500\" height=\"1500\" src=\"https:\/\/www.wtdt.polimi.it\/wp-content\/uploads\/2020\/01\/Post_Progetto_2.png\" class=\"attachment-full size-full wp-image-156\" alt=\"\" srcset=\"https:\/\/www.wtdt.polimi.it\/wp-content\/uploads\/2020\/01\/Post_Progetto_2.png 1500w, https:\/\/www.wtdt.polimi.it\/wp-content\/uploads\/2020\/01\/Post_Progetto_2-300x300.png 300w, https:\/\/www.wtdt.polimi.it\/wp-content\/uploads\/2020\/01\/Post_Progetto_2-100x100.png 100w, https:\/\/www.wtdt.polimi.it\/wp-content\/uploads\/2020\/01\/Post_Progetto_2-600x600.png 600w, https:\/\/www.wtdt.polimi.it\/wp-content\/uploads\/2020\/01\/Post_Progetto_2-1024x1024.png 1024w, https:\/\/www.wtdt.polimi.it\/wp-content\/uploads\/2020\/01\/Post_Progetto_2-150x150.png 150w, https:\/\/www.wtdt.polimi.it\/wp-content\/uploads\/2020\/01\/Post_Progetto_2-768x768.png 768w\" sizes=\"(max-width: 1500px) 100vw, 1500px\" \/>\t\t\t\t\t\t\t\t\t\t\t\t\t\t\t<\/div>\n\t\t\t\t<\/div>\n\t\t\t\t\t<\/div>\n\t\t<\/div>\n\t\t\t\t\t<\/div>\n\t\t<\/section>\n\t\t\t\t<section class=\"elementor-section elementor-top-section elementor-element elementor-element-be6bd8b elementor-section-stretched Dontpanic elementor-section-boxed elementor-section-height-default elementor-section-height-default\" data-id=\"be6bd8b\" data-element_type=\"section\" data-e-type=\"section\" id=\"Dontpanic\" data-settings=\"{&quot;stretch_section&quot;:&quot;section-stretched&quot;,&quot;background_background&quot;:&quot;gradient&quot;}\">\n\t\t\t\t\t\t<div class=\"elementor-container elementor-column-gap-default\">\n\t\t\t\t\t<div class=\"elementor-column elementor-col-50 elementor-top-column elementor-element elementor-element-5852b5c\" data-id=\"5852b5c\" data-element_type=\"column\" data-e-type=\"column\">\n\t\t\t<div class=\"elementor-widget-wrap elementor-element-populated\">\n\t\t\t\t\t\t<div class=\"elementor-element elementor-element-38acb89 elementor-widget elementor-widget-heading\" data-id=\"38acb89\" data-element_type=\"widget\" data-e-type=\"widget\" data-widget_type=\"heading.default\">\n\t\t\t\t<div class=\"elementor-widget-container\">\n\t\t\t\t\t<h2 class=\"elementor-heading-title elementor-size-large\">Don't Panic<\/h2>\t\t\t\t<\/div>\n\t\t\t\t<\/div>\n\t\t\t\t<div class=\"elementor-element elementor-element-d9f02fa elementor-widget-divider--view-line elementor-widget elementor-widget-divider\" data-id=\"d9f02fa\" data-element_type=\"widget\" data-e-type=\"widget\" data-widget_type=\"divider.default\">\n\t\t\t\t<div class=\"elementor-widget-container\">\n\t\t\t\t\t\t\t<div class=\"elementor-divider\">\n\t\t\t<span class=\"elementor-divider-separator\">\n\t\t\t\t\t\t<\/span>\n\t\t<\/div>\n\t\t\t\t\t\t<\/div>\n\t\t\t\t<\/div>\n\t\t\t\t<div class=\"elementor-element elementor-element-2fdf694 elementor-widget elementor-widget-text-editor\" data-id=\"2fdf694\" data-element_type=\"widget\" data-e-type=\"widget\" data-widget_type=\"text-editor.default\">\n\t\t\t\t<div class=\"elementor-widget-container\">\n\t\t\t\t\t\t\t\t\t<p style=\"text-align: left;\">una guida umile per un cv consapevole<\/p>\t\t\t\t\t\t\t\t<\/div>\n\t\t\t\t<\/div>\n\t\t\t\t<div class=\"elementor-element elementor-element-3e53c21 elementor-widget elementor-widget-text-editor\" data-id=\"3e53c21\" data-element_type=\"widget\" data-e-type=\"widget\" data-widget_type=\"text-editor.default\">\n\t\t\t\t<div class=\"elementor-widget-container\">\n\t\t\t\t\t\t\t\t\t<p>Don\u2019t Panic \u00e8 una guida umile che nasce per aiutare i neolaureati, in particolare coloro che hanno acquisito competenze trasversali nell&#8217;ambito della trasformazione digitale, a compilare in modo consapevole il CV. I nostri contenuti vengono veicolati principalmente tramite delle video guide, caratterizzate dal tono colloquiale e ironico. In questi video abbiamo deciso di \u201cmetterci la faccia\u201d e di parlare in prima persona ponendoci sullo stesso piano dei nostri interlocutori. Questi contenuti vengono pubblicati su un canale fondamentale per l\u2019incontro tra neolaureati e aziende: LinkedIn.<\/p>\t\t\t\t\t\t\t\t<\/div>\n\t\t\t\t<\/div>\n\t\t\t\t<div class=\"elementor-element elementor-element-38a84c6 elementor-widget elementor-widget-text-editor\" data-id=\"38a84c6\" data-element_type=\"widget\" data-e-type=\"widget\" data-widget_type=\"text-editor.default\">\n\t\t\t\t<div class=\"elementor-widget-container\">\n\t\t\t\t\t\t\t\t\t<p style=\"text-align: left;\"><strong><em>Studenti<\/em><br \/><\/strong><em><span style=\"letter-spacing: 0em;\">Aurora Altea<br \/><\/span><\/em><em><span style=\"letter-spacing: 0em;\">Mariapaola Gentile <br \/>Fan Jiang <br \/>Francesca Manani <br \/><\/span><\/em><em><span style=\"letter-spacing: 0em;\">Elena Ricagno\u00a0<br \/>Benedetta Zambelli <br \/><\/span><\/em><\/p>\t\t\t\t\t\t\t\t<\/div>\n\t\t\t\t<\/div>\n\t\t\t\t<div class=\"elementor-element elementor-element-3dcbee2 elementor-widget elementor-widget-text-editor\" data-id=\"3dcbee2\" data-element_type=\"widget\" data-e-type=\"widget\" data-widget_type=\"text-editor.default\">\n\t\t\t\t<div class=\"elementor-widget-container\">\n\t\t\t\t\t\t\t\t\t<h6 class=\"post-title entry-title\">\u25ba <span style=\"color: #003366;\"><a style=\"color: #003366;\" href=\"https:\/\/www.wtdt.polimi.it\/\/kiwi_dont_panic\/index.html\"><em>Visita la pagina del progetto<\/em><\/a><\/span><\/h6>\t\t\t\t\t\t\t\t<\/div>\n\t\t\t\t<\/div>\n\t\t\t\t\t<\/div>\n\t\t<\/div>\n\t\t\t\t<div class=\"elementor-column elementor-col-50 elementor-top-column elementor-element elementor-element-ffc1521\" data-id=\"ffc1521\" data-element_type=\"column\" data-e-type=\"column\">\n\t\t\t<div class=\"elementor-widget-wrap elementor-element-populated\">\n\t\t\t\t\t\t<div class=\"elementor-element elementor-element-df8465d elementor-widget elementor-widget-image\" data-id=\"df8465d\" data-element_type=\"widget\" data-e-type=\"widget\" data-widget_type=\"image.default\">\n\t\t\t\t<div class=\"elementor-widget-container\">\n\t\t\t\t\t\t\t\t\t\t\t\t\t\t\t<img decoding=\"async\" width=\"800\" height=\"800\" src=\"https:\/\/www.wtdt.polimi.it\/wp-content\/uploads\/2020\/01\/Post_Progetto5-1024x1024.png\" class=\"attachment-large size-large wp-image-159\" alt=\"\" srcset=\"https:\/\/www.wtdt.polimi.it\/wp-content\/uploads\/2020\/01\/Post_Progetto5-1024x1024.png 1024w, https:\/\/www.wtdt.polimi.it\/wp-content\/uploads\/2020\/01\/Post_Progetto5-300x300.png 300w, https:\/\/www.wtdt.polimi.it\/wp-content\/uploads\/2020\/01\/Post_Progetto5-100x100.png 100w, https:\/\/www.wtdt.polimi.it\/wp-content\/uploads\/2020\/01\/Post_Progetto5-600x600.png 600w, https:\/\/www.wtdt.polimi.it\/wp-content\/uploads\/2020\/01\/Post_Progetto5-150x150.png 150w, https:\/\/www.wtdt.polimi.it\/wp-content\/uploads\/2020\/01\/Post_Progetto5-768x769.png 768w, https:\/\/www.wtdt.polimi.it\/wp-content\/uploads\/2020\/01\/Post_Progetto5.png 1500w\" sizes=\"(max-width: 800px) 100vw, 800px\" \/>\t\t\t\t\t\t\t\t\t\t\t\t\t\t\t<\/div>\n\t\t\t\t<\/div>\n\t\t\t\t\t<\/div>\n\t\t<\/div>\n\t\t\t\t\t<\/div>\n\t\t<\/section>\n\t\t\t\t<section class=\"elementor-section elementor-top-section elementor-element elementor-element-a38e221 elementor-section-stretched Edioma elementor-section-boxed elementor-section-height-default elementor-section-height-default\" data-id=\"a38e221\" data-element_type=\"section\" data-e-type=\"section\" id=\"Edioma\" data-settings=\"{&quot;stretch_section&quot;:&quot;section-stretched&quot;,&quot;background_background&quot;:&quot;gradient&quot;}\">\n\t\t\t\t\t\t<div class=\"elementor-container elementor-column-gap-default\">\n\t\t\t\t\t<div class=\"elementor-column elementor-col-50 elementor-top-column elementor-element elementor-element-8dc7b9a\" data-id=\"8dc7b9a\" data-element_type=\"column\" data-e-type=\"column\">\n\t\t\t<div class=\"elementor-widget-wrap elementor-element-populated\">\n\t\t\t\t\t\t<div class=\"elementor-element elementor-element-e32198f elementor-widget elementor-widget-heading\" data-id=\"e32198f\" data-element_type=\"widget\" data-e-type=\"widget\" data-widget_type=\"heading.default\">\n\t\t\t\t<div class=\"elementor-widget-container\">\n\t\t\t\t\t<h2 class=\"elementor-heading-title elementor-size-large\">Edioma<\/h2>\t\t\t\t<\/div>\n\t\t\t\t<\/div>\n\t\t\t\t<div class=\"elementor-element elementor-element-38d2563 elementor-widget-divider--view-line elementor-widget elementor-widget-divider\" data-id=\"38d2563\" data-element_type=\"widget\" data-e-type=\"widget\" data-widget_type=\"divider.default\">\n\t\t\t\t<div class=\"elementor-widget-container\">\n\t\t\t\t\t\t\t<div class=\"elementor-divider\">\n\t\t\t<span class=\"elementor-divider-separator\">\n\t\t\t\t\t\t<\/span>\n\t\t<\/div>\n\t\t\t\t\t\t<\/div>\n\t\t\t\t<\/div>\n\t\t\t\t<div class=\"elementor-element elementor-element-d60da09 elementor-widget elementor-widget-text-editor\" data-id=\"d60da09\" data-element_type=\"widget\" data-e-type=\"widget\" data-widget_type=\"text-editor.default\">\n\t\t\t\t<div class=\"elementor-widget-container\">\n\t\t\t\t\t\t\t\t\t<p style=\"text-align: left;\">Il linguaggio dell&#8217;innovazione digitale<\/p>\t\t\t\t\t\t\t\t<\/div>\n\t\t\t\t<\/div>\n\t\t\t\t<div class=\"elementor-element elementor-element-b9483ad elementor-widget elementor-widget-text-editor\" data-id=\"b9483ad\" data-element_type=\"widget\" data-e-type=\"widget\" data-widget_type=\"text-editor.default\">\n\t\t\t\t<div class=\"elementor-widget-container\">\n\t\t\t\t\t\t\t\t\t<p>L\u2019obiettivo di Edioma \u00e8 quello di aiutare le aziende nel percorso che va dalla ricerca all\u2019assunzione di nuove figure professionali che gravitano attorno al mondo della comunicazione, design e marketing, le cui competenze saranno funzionali al potenziamento e alla crescita aziendale. A seguito di tre fasi di analisi distinte, rispettivamente: desk, quantitativa e qualitativa, ci siamo concentrati sulla principale evidenza emersa: il linguaggio.<\/p>\t\t\t\t\t\t\t\t<\/div>\n\t\t\t\t<\/div>\n\t\t\t\t<div class=\"elementor-element elementor-element-ecacea9 elementor-widget elementor-widget-text-editor\" data-id=\"ecacea9\" data-element_type=\"widget\" data-e-type=\"widget\" data-widget_type=\"text-editor.default\">\n\t\t\t\t<div class=\"elementor-widget-container\">\n\t\t\t\t\t\t\t\t\t<p style=\"text-align: left;\"><strong><em>Studenti<br \/><\/em><\/strong><em>Nicol\u00f2<span class=\"Apple-converted-space\"> Grandieri <br \/><\/span><\/em><em>Matteo Rinaldi<br \/><\/em><em>Marta<span class=\"Apple-converted-space\"> Terranova <br \/><\/span><\/em><em>Jacopo<span class=\"Apple-converted-space\">\u00a0<\/span><span class=\"Apple-converted-space\">Dufour Zucchi<br \/><\/span><\/em><em>Andrea Folini <span class=\"Apple-converted-space\">\u00a0<\/span><\/em><\/p>\t\t\t\t\t\t\t\t<\/div>\n\t\t\t\t<\/div>\n\t\t\t\t<div class=\"elementor-element elementor-element-f95f2a0 elementor-widget elementor-widget-text-editor\" data-id=\"f95f2a0\" data-element_type=\"widget\" data-e-type=\"widget\" data-widget_type=\"text-editor.default\">\n\t\t\t\t<div class=\"elementor-widget-container\">\n\t\t\t\t\t\t\t\t\t<h6 class=\"post-title entry-title\"><span style=\"color: #fcdd1a;\">\u25ba <\/span><span style=\"color: #fcdd1a;\"><a style=\"color: #fcdd1a;\" href=\"https:\/\/www.wtdt.polimi.it\/Edioma\/index.html\"><em>Visita la pagina del progetto<\/em><\/a><\/span><\/h6>\t\t\t\t\t\t\t\t<\/div>\n\t\t\t\t<\/div>\n\t\t\t\t\t<\/div>\n\t\t<\/div>\n\t\t\t\t<div class=\"elementor-column elementor-col-50 elementor-top-column elementor-element elementor-element-0f45803\" data-id=\"0f45803\" data-element_type=\"column\" data-e-type=\"column\">\n\t\t\t<div class=\"elementor-widget-wrap elementor-element-populated\">\n\t\t\t\t\t\t<div class=\"elementor-element elementor-element-886dbdd elementor-widget elementor-widget-image\" data-id=\"886dbdd\" data-element_type=\"widget\" data-e-type=\"widget\" data-widget_type=\"image.default\">\n\t\t\t\t<div class=\"elementor-widget-container\">\n\t\t\t\t\t\t\t\t\t\t\t\t\t\t\t<img loading=\"lazy\" decoding=\"async\" width=\"800\" height=\"800\" src=\"https:\/\/www.wtdt.polimi.it\/wp-content\/uploads\/2020\/01\/Post_Progetto4-1024x1024.png\" class=\"attachment-large size-large wp-image-160\" alt=\"\" srcset=\"https:\/\/www.wtdt.polimi.it\/wp-content\/uploads\/2020\/01\/Post_Progetto4-1024x1024.png 1024w, https:\/\/www.wtdt.polimi.it\/wp-content\/uploads\/2020\/01\/Post_Progetto4-300x300.png 300w, https:\/\/www.wtdt.polimi.it\/wp-content\/uploads\/2020\/01\/Post_Progetto4-100x100.png 100w, https:\/\/www.wtdt.polimi.it\/wp-content\/uploads\/2020\/01\/Post_Progetto4-600x600.png 600w, https:\/\/www.wtdt.polimi.it\/wp-content\/uploads\/2020\/01\/Post_Progetto4-150x150.png 150w, https:\/\/www.wtdt.polimi.it\/wp-content\/uploads\/2020\/01\/Post_Progetto4-768x768.png 768w, https:\/\/www.wtdt.polimi.it\/wp-content\/uploads\/2020\/01\/Post_Progetto4.png 1500w\" sizes=\"(max-width: 800px) 100vw, 800px\" \/>\t\t\t\t\t\t\t\t\t\t\t\t\t\t\t<\/div>\n\t\t\t\t<\/div>\n\t\t\t\t\t<\/div>\n\t\t<\/div>\n\t\t\t\t\t<\/div>\n\t\t<\/section>\n\t\t\t\t<section class=\"elementor-section elementor-top-section elementor-element elementor-element-31d5c24 elementor-section-stretched Idem elementor-section-boxed elementor-section-height-default elementor-section-height-default\" data-id=\"31d5c24\" data-element_type=\"section\" data-e-type=\"section\" id=\"Idem\" data-settings=\"{&quot;stretch_section&quot;:&quot;section-stretched&quot;,&quot;background_background&quot;:&quot;gradient&quot;}\">\n\t\t\t\t\t\t<div class=\"elementor-container elementor-column-gap-no\">\n\t\t\t\t\t<div class=\"elementor-column elementor-col-50 elementor-top-column elementor-element elementor-element-70b31e0\" data-id=\"70b31e0\" data-element_type=\"column\" data-e-type=\"column\">\n\t\t\t<div class=\"elementor-widget-wrap elementor-element-populated\">\n\t\t\t\t\t\t<div class=\"elementor-element elementor-element-480a660 elementor-widget elementor-widget-heading\" data-id=\"480a660\" data-element_type=\"widget\" data-e-type=\"widget\" data-widget_type=\"heading.default\">\n\t\t\t\t<div class=\"elementor-widget-container\">\n\t\t\t\t\t<h2 class=\"elementor-heading-title elementor-size-large\">Idem<\/h2>\t\t\t\t<\/div>\n\t\t\t\t<\/div>\n\t\t\t\t<div class=\"elementor-element elementor-element-3528c48 elementor-widget-divider--view-line elementor-widget elementor-widget-divider\" data-id=\"3528c48\" data-element_type=\"widget\" data-e-type=\"widget\" data-widget_type=\"divider.default\">\n\t\t\t\t<div class=\"elementor-widget-container\">\n\t\t\t\t\t\t\t<div class=\"elementor-divider\">\n\t\t\t<span class=\"elementor-divider-separator\">\n\t\t\t\t\t\t<\/span>\n\t\t<\/div>\n\t\t\t\t\t\t<\/div>\n\t\t\t\t<\/div>\n\t\t\t\t<div class=\"elementor-element elementor-element-d639807 elementor-widget elementor-widget-text-editor\" data-id=\"d639807\" data-element_type=\"widget\" data-e-type=\"widget\" data-widget_type=\"text-editor.default\">\n\t\t\t\t<div class=\"elementor-widget-container\">\n\t\t\t\t\t\t\t\t\t<p style=\"text-align: left;\">Il linguaggio dell&#8217;innovazione digitale<\/p>\t\t\t\t\t\t\t\t<\/div>\n\t\t\t\t<\/div>\n\t\t\t\t<div class=\"elementor-element elementor-element-c7c5f8b elementor-widget elementor-widget-text-editor\" data-id=\"c7c5f8b\" data-element_type=\"widget\" data-e-type=\"widget\" data-widget_type=\"text-editor.default\">\n\t\t\t\t<div class=\"elementor-widget-container\">\n\t\t\t\t\t\t\t\t\t<p>Il gruppo 7RYHARD ha ricercato ed approfondito il <strong>divario<\/strong> esistente tra il mondo del lavoro ed i neolaureati, soffermandosi in modo particolare sulla difficolt\u00e0 che il neolaureato ha nel definire una propria <strong>identit\u00e0 lavorativa<\/strong>. Essa viene condensata in poche parole nel momento della ricerca di un\u2019occupazione tramite la creazione di un <strong>job title<\/strong>, che da solo non basta a descrivere le competenze che un neolaureato ha acquisito fuori e dentro l\u2019universit\u00e0.<\/p>\t\t\t\t\t\t\t\t<\/div>\n\t\t\t\t<\/div>\n\t\t\t\t<div class=\"elementor-element elementor-element-284ccf2 elementor-widget elementor-widget-text-editor\" data-id=\"284ccf2\" data-element_type=\"widget\" data-e-type=\"widget\" data-widget_type=\"text-editor.default\">\n\t\t\t\t<div class=\"elementor-widget-container\">\n\t\t\t\t\t\t\t\t\t<p style=\"text-align: left;\"><strong><em>Studenti<br \/><\/em><\/strong><em>Davide Castelli<\/em><br \/><em>Maria Grazia<span class=\"Apple-converted-space\"> Ceruso<br \/><\/span>Leonardo Codamo\u00a0<span class=\"Apple-converted-space\"><br \/><\/span>Matteo Gerli \u00a0<\/em><br \/><em>Riccardo Negretti\u00a0<\/em><\/p>\t\t\t\t\t\t\t\t<\/div>\n\t\t\t\t<\/div>\n\t\t\t\t<div class=\"elementor-element elementor-element-02dc538 elementor-widget elementor-widget-text-editor\" data-id=\"02dc538\" data-element_type=\"widget\" data-e-type=\"widget\" data-widget_type=\"text-editor.default\">\n\t\t\t\t<div class=\"elementor-widget-container\">\n\t\t\t\t\t\t\t\t\t<h6 class=\"post-title entry-title\"><span style=\"color: #fcdd1a;\">\u25ba <\/span><span style=\"color: #fcdd1a;\"><a style=\"color: #fcdd1a;\" href=\"https:\/\/www.wtdt.polimi.it\/idem\/dist\/index.html\"><em>Visita la pagina del progetto<\/em><\/a><\/span><\/h6>\t\t\t\t\t\t\t\t<\/div>\n\t\t\t\t<\/div>\n\t\t\t\t\t<\/div>\n\t\t<\/div>\n\t\t\t\t<div class=\"elementor-column elementor-col-50 elementor-top-column elementor-element elementor-element-b95cd6b\" data-id=\"b95cd6b\" data-element_type=\"column\" data-e-type=\"column\">\n\t\t\t<div class=\"elementor-widget-wrap elementor-element-populated\">\n\t\t\t\t\t\t<div class=\"elementor-element elementor-element-a712479 elementor-widget elementor-widget-image\" data-id=\"a712479\" data-element_type=\"widget\" data-e-type=\"widget\" data-widget_type=\"image.default\">\n\t\t\t\t<div class=\"elementor-widget-container\">\n\t\t\t\t\t\t\t\t\t\t\t\t\t\t\t<img loading=\"lazy\" decoding=\"async\" width=\"800\" height=\"800\" src=\"https:\/\/www.wtdt.polimi.it\/wp-content\/uploads\/2020\/01\/Post_Progetto_3-1024x1024.png\" class=\"attachment-large size-large wp-image-161\" alt=\"\" srcset=\"https:\/\/www.wtdt.polimi.it\/wp-content\/uploads\/2020\/01\/Post_Progetto_3-1024x1024.png 1024w, https:\/\/www.wtdt.polimi.it\/wp-content\/uploads\/2020\/01\/Post_Progetto_3-300x300.png 300w, https:\/\/www.wtdt.polimi.it\/wp-content\/uploads\/2020\/01\/Post_Progetto_3-100x100.png 100w, https:\/\/www.wtdt.polimi.it\/wp-content\/uploads\/2020\/01\/Post_Progetto_3-600x600.png 600w, https:\/\/www.wtdt.polimi.it\/wp-content\/uploads\/2020\/01\/Post_Progetto_3-150x150.png 150w, https:\/\/www.wtdt.polimi.it\/wp-content\/uploads\/2020\/01\/Post_Progetto_3-768x768.png 768w, https:\/\/www.wtdt.polimi.it\/wp-content\/uploads\/2020\/01\/Post_Progetto_3.png 1500w\" sizes=\"(max-width: 800px) 100vw, 800px\" \/>\t\t\t\t\t\t\t\t\t\t\t\t\t\t\t<\/div>\n\t\t\t\t<\/div>\n\t\t\t\t\t<\/div>\n\t\t<\/div>\n\t\t\t\t\t<\/div>\n\t\t<\/section>\n\t\t\t\t<section class=\"elementor-section elementor-top-section elementor-element elementor-element-1d6e33b elementor-section-stretched Pivot elementor-section-boxed elementor-section-height-default elementor-section-height-default\" data-id=\"1d6e33b\" data-element_type=\"section\" data-e-type=\"section\" id=\"Pivot\" data-settings=\"{&quot;stretch_section&quot;:&quot;section-stretched&quot;,&quot;background_background&quot;:&quot;gradient&quot;}\">\n\t\t\t\t\t\t<div class=\"elementor-container elementor-column-gap-no\">\n\t\t\t\t\t<div class=\"elementor-column elementor-col-50 elementor-top-column elementor-element elementor-element-abe17f2\" data-id=\"abe17f2\" data-element_type=\"column\" data-e-type=\"column\">\n\t\t\t<div class=\"elementor-widget-wrap elementor-element-populated\">\n\t\t\t\t\t\t<div class=\"elementor-element elementor-element-b57ca70 elementor-widget elementor-widget-heading\" data-id=\"b57ca70\" data-element_type=\"widget\" data-e-type=\"widget\" data-widget_type=\"heading.default\">\n\t\t\t\t<div class=\"elementor-widget-container\">\n\t\t\t\t\t<h2 class=\"elementor-heading-title elementor-size-large\">Pivot<\/h2>\t\t\t\t<\/div>\n\t\t\t\t<\/div>\n\t\t\t\t<div class=\"elementor-element elementor-element-0818513 elementor-widget-divider--view-line elementor-widget elementor-widget-divider\" data-id=\"0818513\" data-element_type=\"widget\" data-e-type=\"widget\" data-widget_type=\"divider.default\">\n\t\t\t\t<div class=\"elementor-widget-container\">\n\t\t\t\t\t\t\t<div class=\"elementor-divider\">\n\t\t\t<span class=\"elementor-divider-separator\">\n\t\t\t\t\t\t<\/span>\n\t\t<\/div>\n\t\t\t\t\t\t<\/div>\n\t\t\t\t<\/div>\n\t\t\t\t<div class=\"elementor-element elementor-element-d53d0e4 elementor-widget elementor-widget-text-editor\" data-id=\"d53d0e4\" data-element_type=\"widget\" data-e-type=\"widget\" data-widget_type=\"text-editor.default\">\n\t\t\t\t<div class=\"elementor-widget-container\">\n\t\t\t\t\t\t\t\t\t<p style=\"text-align: left;\">le aziende del futuro<\/p>\t\t\t\t\t\t\t\t<\/div>\n\t\t\t\t<\/div>\n\t\t\t\t<div class=\"elementor-element elementor-element-262a145 elementor-widget elementor-widget-text-editor\" data-id=\"262a145\" data-element_type=\"widget\" data-e-type=\"widget\" data-widget_type=\"text-editor.default\">\n\t\t\t\t<div class=\"elementor-widget-container\">\n\t\t\t\t\t\t\t\t\t<p>Il nome del nostro progetto <strong>Pivot<\/strong> invita al cambio di strategia, al cambio di rotta per spingersi verso un approccio pi\u00f9 <strong>consapevole<\/strong> e <strong>mirato<\/strong>.\u00a0<span style=\"letter-spacing: 0em;\">Con questa ricerca, Pivot &#8211; le aziende del futuro, vogliamo mostrarvi come la realt\u00e0 delle <\/span><strong style=\"letter-spacing: 0em;\">startup<\/strong><span style=\"letter-spacing: 0em;\"> in Italia \u00e8 in crescita ed il loro futuro dipende dalla loro <\/span><strong style=\"letter-spacing: 0em;\">capacit\u00e0 di adattamento<\/strong><span style=\"letter-spacing: 0em;\"> al nuovo scenario che oggi pi\u00f9 che in passato \u00e8 in continuo cambiamento ed evoluzione. Abbiamo svolto un\u2019indagine per raccogliere evidenze relative all\u2019atteggiamento delle micro piccole aziende e startup nei confronti del cambiamento in corso.<\/span><\/p>\t\t\t\t\t\t\t\t<\/div>\n\t\t\t\t<\/div>\n\t\t\t\t<div class=\"elementor-element elementor-element-b2babb5 elementor-widget elementor-widget-text-editor\" data-id=\"b2babb5\" data-element_type=\"widget\" data-e-type=\"widget\" data-widget_type=\"text-editor.default\">\n\t\t\t\t<div class=\"elementor-widget-container\">\n\t\t\t\t\t\t\t\t\t<p style=\"text-align: left;\"><strong><em>Studenti<br \/><\/em><\/strong><em>Catalina Cortes\u00a0<\/em><em>Carvajal<\/em><em><br \/><\/em><em>Simona Fall\u00a0<br \/><\/em><em>Margherita Farina\u00a0<br \/><\/em><em>Laura Gentili\u00a0<br \/><\/em><em>Andres Felipe Ortiz Diaz<\/em><\/p>\t\t\t\t\t\t\t\t<\/div>\n\t\t\t\t<\/div>\n\t\t\t\t<div class=\"elementor-element elementor-element-c20fd42 elementor-widget elementor-widget-text-editor\" data-id=\"c20fd42\" data-element_type=\"widget\" data-e-type=\"widget\" data-widget_type=\"text-editor.default\">\n\t\t\t\t<div class=\"elementor-widget-container\">\n\t\t\t\t\t\t\t\t\t<h6 class=\"post-title entry-title\"><span style=\"color: #fcdd1a;\">\u25ba <\/span><span style=\"color: #fcdd1a;\"><a style=\"color: #fcdd1a;\" href=\"https:\/\/www.wtdt.polimi.it\/pivot\/index.htm\"><em>Visita la pagina del progetto<\/em><\/a><\/span><\/h6>\t\t\t\t\t\t\t\t<\/div>\n\t\t\t\t<\/div>\n\t\t\t\t\t<\/div>\n\t\t<\/div>\n\t\t\t\t<div class=\"elementor-column elementor-col-50 elementor-top-column elementor-element elementor-element-dfed1c4\" data-id=\"dfed1c4\" data-element_type=\"column\" data-e-type=\"column\">\n\t\t\t<div class=\"elementor-widget-wrap elementor-element-populated\">\n\t\t\t\t\t\t<div class=\"elementor-element elementor-element-4be8818 elementor-widget elementor-widget-image\" data-id=\"4be8818\" data-element_type=\"widget\" data-e-type=\"widget\" data-widget_type=\"image.default\">\n\t\t\t\t<div class=\"elementor-widget-container\">\n\t\t\t\t\t\t\t\t\t\t\t\t\t\t\t<img loading=\"lazy\" decoding=\"async\" width=\"800\" height=\"800\" src=\"https:\/\/www.wtdt.polimi.it\/wp-content\/uploads\/2020\/01\/Post_Progetto8-1024x1024.png\" class=\"attachment-large size-large wp-image-188\" alt=\"\" srcset=\"https:\/\/www.wtdt.polimi.it\/wp-content\/uploads\/2020\/01\/Post_Progetto8-1024x1024.png 1024w, https:\/\/www.wtdt.polimi.it\/wp-content\/uploads\/2020\/01\/Post_Progetto8-300x300.png 300w, https:\/\/www.wtdt.polimi.it\/wp-content\/uploads\/2020\/01\/Post_Progetto8-100x100.png 100w, https:\/\/www.wtdt.polimi.it\/wp-content\/uploads\/2020\/01\/Post_Progetto8-600x600.png 600w, https:\/\/www.wtdt.polimi.it\/wp-content\/uploads\/2020\/01\/Post_Progetto8-150x150.png 150w, https:\/\/www.wtdt.polimi.it\/wp-content\/uploads\/2020\/01\/Post_Progetto8-768x768.png 768w, https:\/\/www.wtdt.polimi.it\/wp-content\/uploads\/2020\/01\/Post_Progetto8.png 1502w\" sizes=\"(max-width: 800px) 100vw, 800px\" \/>\t\t\t\t\t\t\t\t\t\t\t\t\t\t\t<\/div>\n\t\t\t\t<\/div>\n\t\t\t\t\t<\/div>\n\t\t<\/div>\n\t\t\t\t\t<\/div>\n\t\t<\/section>\n\t\t\t\t<section class=\"elementor-section elementor-top-section elementor-element elementor-element-26c4dae elementor-section-stretched Besoft elementor-section-boxed elementor-section-height-default elementor-section-height-default\" data-id=\"26c4dae\" data-element_type=\"section\" data-e-type=\"section\" id=\"Besoft\" data-settings=\"{&quot;stretch_section&quot;:&quot;section-stretched&quot;,&quot;background_background&quot;:&quot;gradient&quot;}\">\n\t\t\t\t\t\t<div class=\"elementor-container elementor-column-gap-default\">\n\t\t\t\t\t<div class=\"elementor-column elementor-col-50 elementor-top-column elementor-element elementor-element-5054fbf\" data-id=\"5054fbf\" data-element_type=\"column\" data-e-type=\"column\">\n\t\t\t<div class=\"elementor-widget-wrap elementor-element-populated\">\n\t\t\t\t\t\t<div class=\"elementor-element elementor-element-fbcdb86 elementor-widget elementor-widget-heading\" data-id=\"fbcdb86\" data-element_type=\"widget\" data-e-type=\"widget\" data-widget_type=\"heading.default\">\n\t\t\t\t<div class=\"elementor-widget-container\">\n\t\t\t\t\t<h2 class=\"elementor-heading-title elementor-size-large\">Be\u2022soft<\/h2>\t\t\t\t<\/div>\n\t\t\t\t<\/div>\n\t\t\t\t<div class=\"elementor-element elementor-element-b19b0c9 elementor-widget-divider--view-line elementor-widget elementor-widget-divider\" data-id=\"b19b0c9\" data-element_type=\"widget\" data-e-type=\"widget\" data-widget_type=\"divider.default\">\n\t\t\t\t<div class=\"elementor-widget-container\">\n\t\t\t\t\t\t\t<div class=\"elementor-divider\">\n\t\t\t<span class=\"elementor-divider-separator\">\n\t\t\t\t\t\t<\/span>\n\t\t<\/div>\n\t\t\t\t\t\t<\/div>\n\t\t\t\t<\/div>\n\t\t\t\t<div class=\"elementor-element elementor-element-4c25acb elementor-widget elementor-widget-text-editor\" data-id=\"4c25acb\" data-element_type=\"widget\" data-e-type=\"widget\" data-widget_type=\"text-editor.default\">\n\t\t\t\t<div class=\"elementor-widget-container\">\n\t\t\t\t\t\t\t\t\t<p style=\"text-align: left;\">LE SOFT SKILLS SONO LE NUOVE HARD SKILLS<\/p>\t\t\t\t\t\t\t\t<\/div>\n\t\t\t\t<\/div>\n\t\t\t\t<div class=\"elementor-element elementor-element-ced0f22 elementor-widget elementor-widget-text-editor\" data-id=\"ced0f22\" data-element_type=\"widget\" data-e-type=\"widget\" data-widget_type=\"text-editor.default\">\n\t\t\t\t<div class=\"elementor-widget-container\">\n\t\t\t\t\t\t\t\t\t<p>Il progetto <strong>Be Soft<\/strong> \u00e8 rivolto a tutti i neolaureati che sono alla ricerca del loro primo lavoro, con l\u2019obiettivo di abbattere i sentimenti di timore e distacco dei giovani nei confronti delle aziende, lavorando per migliorare il livello di consapevolezza dei primi verso le proprie <strong>capacit\u00e0<\/strong> ed il proprio <strong>valore<\/strong>.<br \/>In particolare, attraverso Be Soft ci si propone di far comprendere ai neolaureati l\u2019importanza ricoperta dalle <strong>soft skills<\/strong> in ambito professionale e di aiutare a riconoscere il valore delle<strong> esperienze<\/strong> dalle quali esse derivano.<\/p>\t\t\t\t\t\t\t\t<\/div>\n\t\t\t\t<\/div>\n\t\t\t\t<div class=\"elementor-element elementor-element-9ee0d00 elementor-widget elementor-widget-text-editor\" data-id=\"9ee0d00\" data-element_type=\"widget\" data-e-type=\"widget\" data-widget_type=\"text-editor.default\">\n\t\t\t\t<div class=\"elementor-widget-container\">\n\t\t\t\t\t\t\t\t\t<p style=\"text-align: left;\"><strong><em>Studenti<br \/><\/em><\/strong><em>Asia Giorgia Balzarotti <\/em><br \/><em>Rossella Bosnia\u00a0<span class=\"Apple-converted-space\"><br \/><\/span>Francesca Cicala\u00a0<span class=\"Apple-converted-space\"><br \/><\/span>Leila Fadli\u00a0<span class=\"Apple-converted-space\"><br \/><\/span>Giada Lo Duca\u00a0<\/em><br \/><em>Yixi Wang\u00a0<\/em><\/p>\t\t\t\t\t\t\t\t<\/div>\n\t\t\t\t<\/div>\n\t\t\t\t<div class=\"elementor-element elementor-element-8d74f72 elementor-widget elementor-widget-text-editor\" data-id=\"8d74f72\" data-element_type=\"widget\" data-e-type=\"widget\" data-widget_type=\"text-editor.default\">\n\t\t\t\t<div class=\"elementor-widget-container\">\n\t\t\t\t\t\t\t\t\t<h6 class=\"post-title entry-title\"><span style=\"color: #fcdd1a;\">\u25ba <\/span><span style=\"color: #fcdd1a;\"><a style=\"color: #fcdd1a;\" href=\"https:\/\/www.wtdt.polimi.it\/besoft\/index.html\"><em>Visita la pagina del progetto<\/em><\/a><\/span><\/h6>\t\t\t\t\t\t\t\t<\/div>\n\t\t\t\t<\/div>\n\t\t\t\t\t<\/div>\n\t\t<\/div>\n\t\t\t\t<div class=\"elementor-column elementor-col-50 elementor-top-column elementor-element elementor-element-f69ed9c\" data-id=\"f69ed9c\" data-element_type=\"column\" data-e-type=\"column\">\n\t\t\t<div class=\"elementor-widget-wrap elementor-element-populated\">\n\t\t\t\t\t\t<div class=\"elementor-element elementor-element-0c78d56 elementor-widget elementor-widget-image\" data-id=\"0c78d56\" data-element_type=\"widget\" data-e-type=\"widget\" data-widget_type=\"image.default\">\n\t\t\t\t<div class=\"elementor-widget-container\">\n\t\t\t\t\t\t\t\t\t\t\t\t\t\t\t<img loading=\"lazy\" decoding=\"async\" width=\"800\" height=\"800\" src=\"https:\/\/www.wtdt.polimi.it\/wp-content\/uploads\/2020\/01\/Post_Progetto6-1024x1024.png\" class=\"attachment-large size-large wp-image-158\" alt=\"\" srcset=\"https:\/\/www.wtdt.polimi.it\/wp-content\/uploads\/2020\/01\/Post_Progetto6-1024x1024.png 1024w, https:\/\/www.wtdt.polimi.it\/wp-content\/uploads\/2020\/01\/Post_Progetto6-300x300.png 300w, https:\/\/www.wtdt.polimi.it\/wp-content\/uploads\/2020\/01\/Post_Progetto6-100x100.png 100w, https:\/\/www.wtdt.polimi.it\/wp-content\/uploads\/2020\/01\/Post_Progetto6-600x600.png 600w, https:\/\/www.wtdt.polimi.it\/wp-content\/uploads\/2020\/01\/Post_Progetto6-150x150.png 150w, https:\/\/www.wtdt.polimi.it\/wp-content\/uploads\/2020\/01\/Post_Progetto6-768x768.png 768w, https:\/\/www.wtdt.polimi.it\/wp-content\/uploads\/2020\/01\/Post_Progetto6.png 1500w\" sizes=\"(max-width: 800px) 100vw, 800px\" \/>\t\t\t\t\t\t\t\t\t\t\t\t\t\t\t<\/div>\n\t\t\t\t<\/div>\n\t\t\t\t\t<\/div>\n\t\t<\/div>\n\t\t\t\t\t<\/div>\n\t\t<\/section>\n\t\t\t\t<section class=\"elementor-section elementor-top-section elementor-element elementor-element-70944d7 elementor-section-stretched Radar elementor-section-boxed elementor-section-height-default elementor-section-height-default\" data-id=\"70944d7\" data-element_type=\"section\" data-e-type=\"section\" id=\"Radar\" data-settings=\"{&quot;stretch_section&quot;:&quot;section-stretched&quot;,&quot;background_background&quot;:&quot;gradient&quot;}\">\n\t\t\t\t\t\t<div class=\"elementor-container elementor-column-gap-default\">\n\t\t\t\t\t<div class=\"elementor-column elementor-col-50 elementor-top-column elementor-element elementor-element-8c8f6bb\" data-id=\"8c8f6bb\" data-element_type=\"column\" data-e-type=\"column\">\n\t\t\t<div class=\"elementor-widget-wrap elementor-element-populated\">\n\t\t\t\t\t\t<div class=\"elementor-element elementor-element-3aa97e9 elementor-widget elementor-widget-heading\" data-id=\"3aa97e9\" data-element_type=\"widget\" data-e-type=\"widget\" data-widget_type=\"heading.default\">\n\t\t\t\t<div class=\"elementor-widget-container\">\n\t\t\t\t\t<h2 class=\"elementor-heading-title elementor-size-large\">Radar<\/h2>\t\t\t\t<\/div>\n\t\t\t\t<\/div>\n\t\t\t\t<div class=\"elementor-element elementor-element-ee2b6e4 elementor-widget-divider--view-line elementor-widget elementor-widget-divider\" data-id=\"ee2b6e4\" data-element_type=\"widget\" data-e-type=\"widget\" data-widget_type=\"divider.default\">\n\t\t\t\t<div class=\"elementor-widget-container\">\n\t\t\t\t\t\t\t<div class=\"elementor-divider\">\n\t\t\t<span class=\"elementor-divider-separator\">\n\t\t\t\t\t\t<\/span>\n\t\t<\/div>\n\t\t\t\t\t\t<\/div>\n\t\t\t\t<\/div>\n\t\t\t\t<div class=\"elementor-element elementor-element-811aa88 elementor-widget elementor-widget-text-editor\" data-id=\"811aa88\" data-element_type=\"widget\" data-e-type=\"widget\" data-widget_type=\"text-editor.default\">\n\t\t\t\t<div class=\"elementor-widget-container\">\n\t\t\t\t\t\t\t\t\t<p style=\"text-align: left;\">Il ruolo dell&#8217;immagine nel recruiting<\/p>\t\t\t\t\t\t\t\t<\/div>\n\t\t\t\t<\/div>\n\t\t\t\t<div class=\"elementor-element elementor-element-e111a81 elementor-widget elementor-widget-text-editor\" data-id=\"e111a81\" data-element_type=\"widget\" data-e-type=\"widget\" data-widget_type=\"text-editor.default\">\n\t\t\t\t<div class=\"elementor-widget-container\">\n\t\t\t\t\t\t\t\t\t<p><strong>Radar<\/strong> \u00e8 un progetto di ricerca dall\u2019intento formativo, che vuole raccontare alle figure professionali che si occupano di recruiting come <strong>leggere correttamente<\/strong> i contenuti digitali dei candidati, in particolare quelli dei maggiori social media: Instagram e Facebook. Infatti, a fronte di una ricerca approfondita, che, attraverso diverse pratiche di ascolto attivo \u2013 survey, incontri-interviste e ricerca desk \u2013, ha coinvolto i vari stakeholder del mondo del lavoro, \u00e8 emerso come, a seguito della trasformazione digitale,<strong> la reputazione digitale<\/strong> dei professionisti nei processi di selezione del personale gioca un ruolo determinante.<\/p>\t\t\t\t\t\t\t\t<\/div>\n\t\t\t\t<\/div>\n\t\t\t\t<div class=\"elementor-element elementor-element-1cfdb76 elementor-widget elementor-widget-text-editor\" data-id=\"1cfdb76\" data-element_type=\"widget\" data-e-type=\"widget\" data-widget_type=\"text-editor.default\">\n\t\t\t\t<div class=\"elementor-widget-container\">\n\t\t\t\t\t\t\t\t\t<p style=\"text-align: left;\"><strong><em>Studenti<br \/><\/em><\/strong><em>Marco Fortin\u00a0<span class=\"Apple-converted-space\"><br \/><\/span><\/em><em>Federico Guglielmetti\u00a0<span class=\"Apple-converted-space\"><br \/><\/span><\/em><em>Alessandra Nuzzo\u00a0<\/em><em><span class=\"Apple-converted-space\"><br \/><\/span><\/em><em>Yuan Ruan<br \/>Giulia Tognoni\u00a0<br \/><\/em><em>Eleonora Zanibelli\u00a0<\/em><\/p>\t\t\t\t\t\t\t\t<\/div>\n\t\t\t\t<\/div>\n\t\t\t\t<div class=\"elementor-element elementor-element-caf60c1 elementor-widget elementor-widget-text-editor\" data-id=\"caf60c1\" data-element_type=\"widget\" data-e-type=\"widget\" data-widget_type=\"text-editor.default\">\n\t\t\t\t<div class=\"elementor-widget-container\">\n\t\t\t\t\t\t\t\t\t<h6 class=\"post-title entry-title\"><span style=\"color: #fcdd1a;\">\u25ba <\/span><span style=\"color: #fcdd1a;\"><a style=\"color: #fcdd1a;\" href=\"https:\/\/www.wtdt.polimi.it\/Radarinvers\/index.html\"><em>Visita la pagina del progetto<\/em><\/a><\/span><\/h6>\t\t\t\t\t\t\t\t<\/div>\n\t\t\t\t<\/div>\n\t\t\t\t\t<\/div>\n\t\t<\/div>\n\t\t\t\t<div class=\"elementor-column elementor-col-50 elementor-top-column elementor-element elementor-element-0492c9a\" data-id=\"0492c9a\" data-element_type=\"column\" data-e-type=\"column\">\n\t\t\t<div class=\"elementor-widget-wrap elementor-element-populated\">\n\t\t\t\t\t\t<div class=\"elementor-element elementor-element-0c5447b elementor-widget elementor-widget-image\" data-id=\"0c5447b\" data-element_type=\"widget\" data-e-type=\"widget\" data-widget_type=\"image.default\">\n\t\t\t\t<div class=\"elementor-widget-container\">\n\t\t\t\t\t\t\t\t\t\t\t\t\t\t\t<img loading=\"lazy\" decoding=\"async\" width=\"800\" height=\"800\" src=\"https:\/\/www.wtdt.polimi.it\/wp-content\/uploads\/2020\/01\/Post_Progetto7-1-1024x1024.png\" class=\"attachment-large size-large wp-image-222\" alt=\"\" srcset=\"https:\/\/www.wtdt.polimi.it\/wp-content\/uploads\/2020\/01\/Post_Progetto7-1-1024x1024.png 1024w, https:\/\/www.wtdt.polimi.it\/wp-content\/uploads\/2020\/01\/Post_Progetto7-1-300x300.png 300w, https:\/\/www.wtdt.polimi.it\/wp-content\/uploads\/2020\/01\/Post_Progetto7-1-100x100.png 100w, https:\/\/www.wtdt.polimi.it\/wp-content\/uploads\/2020\/01\/Post_Progetto7-1-600x600.png 600w, https:\/\/www.wtdt.polimi.it\/wp-content\/uploads\/2020\/01\/Post_Progetto7-1-150x150.png 150w, https:\/\/www.wtdt.polimi.it\/wp-content\/uploads\/2020\/01\/Post_Progetto7-1-768x767.png 768w, https:\/\/www.wtdt.polimi.it\/wp-content\/uploads\/2020\/01\/Post_Progetto7-1.png 1501w\" sizes=\"(max-width: 800px) 100vw, 800px\" \/>\t\t\t\t\t\t\t\t\t\t\t\t\t\t\t<\/div>\n\t\t\t\t<\/div>\n\t\t\t\t\t<\/div>\n\t\t<\/div>\n\t\t\t\t\t<\/div>\n\t\t<\/section>\n\t\t\t\t<section class=\"elementor-section elementor-top-section elementor-element elementor-element-d2cb6b8 elementor-section-content-middle elementor-section-stretched Crediti elementor-section-boxed elementor-section-height-default elementor-section-height-default\" data-id=\"d2cb6b8\" data-element_type=\"section\" data-e-type=\"section\" id=\"Crediti\" data-settings=\"{&quot;stretch_section&quot;:&quot;section-stretched&quot;,&quot;background_background&quot;:&quot;gradient&quot;}\">\n\t\t\t\t\t\t<div class=\"elementor-container elementor-column-gap-default\">\n\t\t\t\t\t<div class=\"elementor-column elementor-col-100 elementor-top-column elementor-element elementor-element-3967f23\" data-id=\"3967f23\" data-element_type=\"column\" data-e-type=\"column\">\n\t\t\t<div class=\"elementor-widget-wrap elementor-element-populated\">\n\t\t\t\t\t\t<div class=\"elementor-element elementor-element-958a63d elementor-widget elementor-widget-heading\" data-id=\"958a63d\" data-element_type=\"widget\" data-e-type=\"widget\" data-widget_type=\"heading.default\">\n\t\t\t\t<div class=\"elementor-widget-container\">\n\t\t\t\t\t<h2 class=\"elementor-heading-title elementor-size-large\">CREDITI<\/h2>\t\t\t\t<\/div>\n\t\t\t\t<\/div>\n\t\t\t\t<div class=\"elementor-element elementor-element-c929819 elementor-widget-divider--view-line elementor-widget elementor-widget-divider\" data-id=\"c929819\" data-element_type=\"widget\" data-e-type=\"widget\" data-widget_type=\"divider.default\">\n\t\t\t\t<div class=\"elementor-widget-container\">\n\t\t\t\t\t\t\t<div class=\"elementor-divider\">\n\t\t\t<span class=\"elementor-divider-separator\">\n\t\t\t\t\t\t<\/span>\n\t\t<\/div>\n\t\t\t\t\t\t<\/div>\n\t\t\t\t<\/div>\n\t\t\t\t<div class=\"elementor-element elementor-element-f244f8b elementor-widget elementor-widget-text-editor\" data-id=\"f244f8b\" data-element_type=\"widget\" data-e-type=\"widget\" data-widget_type=\"text-editor.default\">\n\t\t\t\t<div class=\"elementor-widget-container\">\n\t\t\t\t\t\t\t\t\t<p style=\"text-align: left;\">referenti di progetto<\/p>\t\t\t\t\t\t\t\t<\/div>\n\t\t\t\t<\/div>\n\t\t\t\t<div class=\"elementor-element elementor-element-cf36fc2 elementor-widget elementor-widget-text-editor\" data-id=\"cf36fc2\" data-element_type=\"widget\" data-e-type=\"widget\" data-widget_type=\"text-editor.default\">\n\t\t\t\t<div class=\"elementor-widget-container\">\n\t\t\t\t\t\t\t\t\t<p style=\"text-align: left;\"><strong><span style=\"letter-spacing: 0em;\">Mentor<br \/><\/span><\/strong><span style=\"letter-spacing: 0em;\">Marisa Galbiati<br \/><em>Professore Ordinario del Dipartimento di Design, Scuola del Design, Politecnico di Milano; Direttore scientifico del Master in Master in Brand Communication, del Master in Art Direction &amp; Copywriting, e del Master in Digital Strategy<br \/>(POLI.design, Politecnico di Milano)<\/em><br \/><\/span><span style=\"color: #fcdd1a;\"><a style=\"color: #fcdd1a;\" href=\"http:\/\/bit.ly\/Galbiati\">Vai al profilo<\/a><\/span><\/p><p style=\"text-align: left;\"><span style=\"letter-spacing: 0em;\"><strong>Responsabile scientifico<\/strong><br \/>Francesca Piredda<br \/><em>PhD, Professore Associato del Dipartimento di Design, Scuola del Design,<br \/>Politecnico di Milano<\/em><br \/>francesca.piredda@polimi.it<br \/><\/span><span style=\"letter-spacing: 0em;\"><span style=\"color: #fcdd1a;\"><a style=\"color: #fcdd1a;\" href=\"http:\/\/bit.ly\/Piredda\">Vai al profilo<\/a><\/span>\u00a0<\/span><\/p><p style=\"text-align: left;\"><strong>Managing partner\u00a0<\/strong><br \/>Marco Ronchi<br \/><em>Docente della Scuola del Design e founder del Master in Digital Strategy\u00a0del Politecnico di Milano, CEO di Twig<br \/><\/em>marco.ronchi@polimi.it<br \/><span style=\"letter-spacing: 0em;\"><span style=\"color: #fcdd1a;\"><a style=\"color: #fcdd1a;\" href=\"https:\/\/www.linkedin.com\/in\/ronchimarco\/\">Linkedin<\/a><\/span>\u00a0<\/span><\/p><p style=\"text-align: left;\"><strong>Project Manager\u00a0<\/strong><br \/>Katia Goldoni<br \/><em>Docente della Scuola del Design, Politecnico di Milano, Executive Advisor di Twig<\/em><br \/>katia.goldoni@polimi.it<br \/><span style=\"letter-spacing: 0em;\"><span style=\"color: #fcdd1a;\"><a style=\"color: #fcdd1a;\" href=\"https:\/\/www.linkedin.com\/in\/katiagoldoni\/\">Linkedin<\/a><\/span>\u00a0<\/span><\/p><p style=\"text-align: left;\"><strong>Relazioni con i media<\/strong><br \/>Mariana Ciancia<br \/><em>Ricercatrice del Dipartimento di Design e Direttore Tecnico del Master in Brand Communication del Politecnico di Milano<\/em><br \/>mariana.ciancia@polimi.it<br \/><span style=\"letter-spacing: 0em;\"><span style=\"color: #fcdd1a;\"><a style=\"color: #fcdd1a;\" href=\"https:\/\/www.linkedin.com\/in\/marianaciancia\/\">Linkedin<\/a><\/span>\u00a0<\/span><i style=\"letter-spacing: 0em;\"><br \/><\/i><\/p>\t\t\t\t\t\t\t\t<\/div>\n\t\t\t\t<\/div>\n\t\t\t\t<div class=\"elementor-element elementor-element-bf01b9f elementor-widget elementor-widget-image\" data-id=\"bf01b9f\" data-element_type=\"widget\" data-e-type=\"widget\" data-widget_type=\"image.default\">\n\t\t\t\t<div class=\"elementor-widget-container\">\n\t\t\t\t\t\t\t\t\t\t\t\t\t\t\t<img loading=\"lazy\" decoding=\"async\" width=\"800\" height=\"156\" src=\"https:\/\/www.wtdt.polimi.it\/wp-content\/uploads\/2020\/01\/stringa-loghi.png\" class=\"attachment-large size-large wp-image-106\" alt=\"\" srcset=\"https:\/\/www.wtdt.polimi.it\/wp-content\/uploads\/2020\/01\/stringa-loghi.png 1024w, https:\/\/www.wtdt.polimi.it\/wp-content\/uploads\/2020\/01\/stringa-loghi-600x117.png 600w, https:\/\/www.wtdt.polimi.it\/wp-content\/uploads\/2020\/01\/stringa-loghi-300x59.png 300w, https:\/\/www.wtdt.polimi.it\/wp-content\/uploads\/2020\/01\/stringa-loghi-768x150.png 768w\" sizes=\"(max-width: 800px) 100vw, 800px\" \/>\t\t\t\t\t\t\t\t\t\t\t\t\t\t\t<\/div>\n\t\t\t\t<\/div>\n\t\t\t\t<div class=\"elementor-element elementor-element-fc78717 elementor-widget elementor-widget-text-editor\" data-id=\"fc78717\" data-element_type=\"widget\" data-e-type=\"widget\" data-widget_type=\"text-editor.default\">\n\t\t\t\t<div class=\"elementor-widget-container\">\n\t\t\t\t\t\t\t\t\t<p>SI RINGRAZIAno<\/p>\t\t\t\t\t\t\t\t<\/div>\n\t\t\t\t<\/div>\n\t\t\t\t<div class=\"elementor-element elementor-element-7ed0b89 elementor-widget elementor-widget-text-editor\" data-id=\"7ed0b89\" data-element_type=\"widget\" data-e-type=\"widget\" data-widget_type=\"text-editor.default\">\n\t\t\t\t<div class=\"elementor-widget-container\">\n\t\t\t\t\t\t\t\t\t<p style=\"text-align: left;\"><span style=\"letter-spacing: 0em;\"><b><i>Progetto web<\/i><\/b><br \/><\/span><span style=\"letter-spacing: 0em;\">Anca Serbanescu<br \/><em>PhD student del Dipartimento di Design, Politecnico di Milano<\/em><br \/><\/span>anca.serbanescu@polimi.it<i style=\"letter-spacing: 0em;\"><br \/><span style=\"color: #fcdd1a;\"><a style=\"color: #fcdd1a;\" href=\"https:\/\/bit.ly\/2TIbPhE\">Linkedin<\/a><\/span><br \/><\/i><\/p><p style=\"text-align: left;\"><span style=\"letter-spacing: 0em;\"><b><i>Progetto visual<\/i><\/b><br \/>Pietro Crimaldi <br \/><em>Studente del corso di Laurea Magistrale in Design della Comunicazione, <br \/>Politecnico di Milano<\/em><i><br \/><\/i><\/span><i><i style=\"letter-spacing: 0em;\"><span style=\"color: #fcdd1a;\"><a style=\"color: #fcdd1a;\" href=\"https:\/\/www.linkedin.com\/in\/pietro-crimaldi\/\">Linkedin<\/a><br \/><\/span><\/i><\/i><\/p><p style=\"text-align: left;\"><span style=\"letter-spacing: 0em;\"><b><i>Coordinamento studenti<\/i><\/b><br \/>Alice Cassanmagnago <em><br \/>Studente del corso di Laurea Magistrale in Design della Comunicazione, Politecnico di Milano<\/em><i><br \/><\/i><\/span><i><i style=\"letter-spacing: 0em;\"><span style=\"color: #fcdd1a;\"><a style=\"color: #fcdd1a;\" href=\"https:\/\/www.linkedin.com\/in\/alice-cassanmagnago-106a4a179\/\">Linkedin<\/a><\/span><\/i><\/i><\/p>\t\t\t\t\t\t\t\t<\/div>\n\t\t\t\t<\/div>\n\t\t\t\t\t<\/div>\n\t\t<\/div>\n\t\t\t\t\t<\/div>\n\t\t<\/section>\n\t\t\t\t<section class=\"elementor-section elementor-top-section elementor-element elementor-element-065d12e elementor-section-stretched elementor-section-full_width elementor-section-height-default elementor-section-height-default\" data-id=\"065d12e\" data-element_type=\"section\" data-e-type=\"section\" data-settings=\"{&quot;stretch_section&quot;:&quot;section-stretched&quot;,&quot;background_background&quot;:&quot;classic&quot;}\">\n\t\t\t\t\t\t<div class=\"elementor-container elementor-column-gap-default\">\n\t\t\t\t\t<div class=\"elementor-column elementor-col-100 elementor-top-column elementor-element elementor-element-d01f397\" data-id=\"d01f397\" data-element_type=\"column\" data-e-type=\"column\">\n\t\t\t<div class=\"elementor-widget-wrap elementor-element-populated\">\n\t\t\t\t\t\t\t<\/div>\n\t\t<\/div>\n\t\t\t\t\t<\/div>\n\t\t<\/section>\n\t\t\t\t<\/div>\n\t\t","protected":false},"excerpt":{"rendered":"<p>WTDT I talenti incontrano le imprese Il 75% dei neolaureati italiani dichiara che il loro job title non \u00e8 allineato con le offerte lavorative delle aziende. Circa il 60% delle aziende ha inoltre difficolt\u00e0 ad attrarre figure professionali legate al processo di trasformazione digitale. \u00a0Due survey condotte dagli studenti della Scuola del Design del Politecnico&nbsp;&#8230;<\/p>\n","protected":false},"author":2,"featured_media":0,"parent":0,"menu_order":0,"comment_status":"closed","ping_status":"closed","template":"","meta":{"footnotes":""},"class_list":["post-11","page","type-page","status-publish","hentry"],"_links":{"self":[{"href":"https:\/\/www.wtdt.polimi.it\/index.php?rest_route=\/wp\/v2\/pages\/11","targetHints":{"allow":["GET"]}}],"collection":[{"href":"https:\/\/www.wtdt.polimi.it\/index.php?rest_route=\/wp\/v2\/pages"}],"about":[{"href":"https:\/\/www.wtdt.polimi.it\/index.php?rest_route=\/wp\/v2\/types\/page"}],"author":[{"embeddable":true,"href":"https:\/\/www.wtdt.polimi.it\/index.php?rest_route=\/wp\/v2\/users\/2"}],"replies":[{"embeddable":true,"href":"https:\/\/www.wtdt.polimi.it\/index.php?rest_route=%2Fwp%2Fv2%2Fcomments&post=11"}],"version-history":[{"count":144,"href":"https:\/\/www.wtdt.polimi.it\/index.php?rest_route=\/wp\/v2\/pages\/11\/revisions"}],"predecessor-version":[{"id":273,"href":"https:\/\/www.wtdt.polimi.it\/index.php?rest_route=\/wp\/v2\/pages\/11\/revisions\/273"}],"wp:attachment":[{"href":"https:\/\/www.wtdt.polimi.it\/index.php?rest_route=%2Fwp%2Fv2%2Fmedia&parent=11"}],"curies":[{"name":"wp","href":"https:\/\/api.w.org\/{rel}","templated":true}]}}